{"id":609,"date":"2019-07-10T12:18:10","date_gmt":"2019-07-10T10:18:10","guid":{"rendered":"https:\/\/www.timevat.com\/?page_id=609"},"modified":"2026-01-05T11:12:34","modified_gmt":"2026-01-05T10:12:34","slug":"switzerland-export-vat","status":"publish","type":"page","link":"https:\/\/www.timevat.com\/en\/lande\/moms-schweiz\/","title":{"rendered":"Switzerland"},"content":{"rendered":"<style>.wp-block-kadence-advancedheading.kt-adv-heading609_333fad-e8, .wp-block-kadence-advancedheading.kt-adv-heading609_333fad-e8[data-kb-block=\"kb-adv-heading609_333fad-e8\"]{font-style:normal;}.wp-block-kadence-advancedheading.kt-adv-heading609_333fad-e8 mark.kt-highlight, .wp-block-kadence-advancedheading.kt-adv-heading609_333fad-e8[data-kb-block=\"kb-adv-heading609_333fad-e8\"] mark.kt-highlight{font-style:normal;color:#f76a0c;-webkit-box-decoration-break:clone;box-decoration-break:clone;padding-top:0px;padding-right:0px;padding-bottom:0px;padding-left:0px;}.wp-block-kadence-advancedheading.kt-adv-heading609_333fad-e8 img.kb-inline-image, .wp-block-kadence-advancedheading.kt-adv-heading609_333fad-e8[data-kb-block=\"kb-adv-heading609_333fad-e8\"] img.kb-inline-image{width:150px;vertical-align:baseline;}<\/style>\n<h2 class=\"kt-adv-heading609_333fad-e8 wp-block-kadence-advancedheading\" data-kb-block=\"kb-adv-heading609_333fad-e8\">Din professionelle partner i Schweiz<\/h2>\n\n\n<style>.wp-block-kadence-advancedheading.kt-adv-heading609_32c1c2-32, .wp-block-kadence-advancedheading.kt-adv-heading609_32c1c2-32[data-kb-block=\"kb-adv-heading609_32c1c2-32\"]{font-style:normal;}.wp-block-kadence-advancedheading.kt-adv-heading609_32c1c2-32 mark.kt-highlight, .wp-block-kadence-advancedheading.kt-adv-heading609_32c1c2-32[data-kb-block=\"kb-adv-heading609_32c1c2-32\"] mark.kt-highlight{font-style:normal;color:#f76a0c;-webkit-box-decoration-break:clone;box-decoration-break:clone;padding-top:0px;padding-right:0px;padding-bottom:0px;padding-left:0px;}.wp-block-kadence-advancedheading.kt-adv-heading609_32c1c2-32 img.kb-inline-image, .wp-block-kadence-advancedheading.kt-adv-heading609_32c1c2-32[data-kb-block=\"kb-adv-heading609_32c1c2-32\"] img.kb-inline-image{width:150px;vertical-align:baseline;}<\/style>\n<h5 class=\"kt-adv-heading609_32c1c2-32 toptext wp-block-kadence-advancedheading\" data-kb-block=\"kb-adv-heading609_32c1c2-32\">TIMEVAT har hjulpet mange danske virksomheder med at blive registreret i Schweiz.<br>Har du brug for en registrering eller en schweizisk ZAZ-konto, s\u00e5 kontakt TIMEVAT for at f\u00e5 assistance.<\/h5>\n\n\n\n<div class=\"wp-block-columns is-layout-flex wp-container-core-columns-is-layout-9d6595d7 wp-block-columns-is-layout-flex\">\n<div class=\"wp-block-column is-layout-flow wp-block-column-is-layout-flow\">\n<p>Det schweiziske skattesystem best\u00e5r af en lang r\u00e6kke skatter og afgifter, s\u00e5som VAT, MWST, IVA og TVA. Med hensyn til eksport moms Schweiz g\u00e6lder at al salg og levering af varer og ydelser belastes eksport moms Schweiz.<\/p>\n\n\n\n<p>Virksomheder som har samhandel med Schweiz er forpligtet til at lade sig moms registrere. Der g\u00e6lder ligeledes f\u00f8lgende:<\/p>\n\n\n\n\n\n\n<p>Hvis din virksomhed allerede har forretning eller p\u00e5t\u00e6nker at g\u00f8re forretning i Schweiz, s\u00e5 b\u00f8r du kontakte TIMEVAT straks. Vi taler sproget og har et godt setup i Schweiz med en dygtig og loyal samarbejdspartner. Du er meget velkommen til at kontakte os for r\u00e5dgivning og assistance om eksport moms i Schweiz. TIMEVAT har mange \u00e5rs erfaring med at lave l\u00f8sninger for virksomheder med eksport til Schweiz.<\/p>\n<\/div>\n<\/div>\n\n\n\n<div class=\"wp-block-columns is-layout-flex wp-container-core-columns-is-layout-9d6595d7 wp-block-columns-is-layout-flex\">\n<div class=\"wp-block-column is-layout-flow wp-block-column-is-layout-flow\"><style>.wp-block-kadence-advancedheading.kt-adv-heading609_b858fd-e0, .wp-block-kadence-advancedheading.kt-adv-heading609_b858fd-e0[data-kb-block=\"kb-adv-heading609_b858fd-e0\"]{font-style:normal;}.wp-block-kadence-advancedheading.kt-adv-heading609_b858fd-e0 mark.kt-highlight, .wp-block-kadence-advancedheading.kt-adv-heading609_b858fd-e0[data-kb-block=\"kb-adv-heading609_b858fd-e0\"] mark.kt-highlight{font-style:normal;color:#f76a0c;-webkit-box-decoration-break:clone;box-decoration-break:clone;padding-top:0px;padding-right:0px;padding-bottom:0px;padding-left:0px;}.wp-block-kadence-advancedheading.kt-adv-heading609_b858fd-e0 img.kb-inline-image, .wp-block-kadence-advancedheading.kt-adv-heading609_b858fd-e0[data-kb-block=\"kb-adv-heading609_b858fd-e0\"] img.kb-inline-image{width:150px;vertical-align:baseline;}<\/style>\n<h4 class=\"kt-adv-heading609_b858fd-e0 wp-block-kadence-advancedheading\" data-kb-block=\"kb-adv-heading609_b858fd-e0\">Moms refusion<\/h4>\n\n\n\n\n\n\n\n\n<figure class=\"wp-block-table is-style-stripes\"><table><tbody><tr><td>Momssats<\/td><td><\/td><td>Betegnelse<\/td><td>Registreringsgr\u00e6nse<\/td><\/tr><tr><td>8,1%<\/td><td>(Standard)<\/td><td>MwSt<\/td><td>CHF 100,000<\/td><\/tr><tr><td>3,8% + 2,6% <\/td><td>(Reduceret)<\/td><td><\/td><td><\/td><\/tr><\/tbody><\/table><\/figure>\n<\/div>\n<\/div>\n\n\n\n<\/div>\n<\/div>\n\n\n\n<p>Filing-Quarterly. Applications can be made for monthly returns.<br>Returns due-60 days after VAT period ends.<\/p>\n","protected":false},"excerpt":{"rendered":"<p>Din professionelle partner i Schweiz TIMEVAT har hjulpet mange danske virksomheder med at blive registreret i Schweiz.Har du brug for en registrering eller en schweizisk ZAZ-konto, s\u00e5 kontakt TIMEVAT for at f\u00e5 assistance. Det schweiziske skattesystem best\u00e5r af en lang r\u00e6kke skatter og afgifter, s\u00e5som VAT, MWST, IVA og TVA. Med hensyn til eksport moms&#8230;<\/p>","protected":false},"author":1,"featured_media":661,"parent":482,"menu_order":0,"comment_status":"closed","ping_status":"closed","template":"","meta":{"inline_featured_image":false,"_kad_blocks_custom_css":"","_kad_blocks_head_custom_js":"","_kad_blocks_body_custom_js":"","_kad_blocks_footer_custom_js":"","_kad_post_transparent":"","_kad_post_title":"","_kad_post_layout":"default","_kad_post_sidebar_id":"sidebar-primary","_kad_post_content_style":"","_kad_post_vertical_padding":"","_kad_post_feature":"","_kad_post_feature_position":"","_kad_post_header":false,"_kad_post_footer":false,"_kad_post_classname":"","footnotes":""},"class_list":["post-609","page","type-page","status-publish","has-post-thumbnail","hentry"],"yoast_head":"<!-- This site is optimized with the Yoast SEO plugin v27.1.1 - https:\/\/yoast.com\/product\/yoast-seo-wordpress\/ -->\n<title>Moms Schweiz, undg\u00e5 problemer, bliv moms registreret, kontakt TIMEVAT<\/title>\n<meta name=\"description\" content=\"Moms Schweiz kr\u00e6ver registrering og rapportering af moms i Schweiz. Det g\u00e6lder al salg B2B og B2C. Krav om fiscal repr\u00e6sentation.\" \/>\n<meta name=\"robots\" content=\"index, follow, max-snippet:-1, max-image-preview:large, max-video-preview:-1\" \/>\n<link rel=\"canonical\" href=\"https:\/\/www.timevat.com\/en\/countries\/switzerland-export-vat\/\" \/>\n<meta property=\"og:locale\" content=\"en_GB\" \/>\n<meta property=\"og:type\" content=\"article\" \/>\n<meta property=\"og:title\" content=\"Moms Schweiz, undg\u00e5 problemer, bliv moms registreret, kontakt TIMEVAT\" \/>\n<meta property=\"og:description\" content=\"Moms Schweiz kr\u00e6ver registrering og rapportering af moms i Schweiz. Det g\u00e6lder al salg B2B og B2C. Krav om fiscal repr\u00e6sentation.\" \/>\n<meta property=\"og:url\" content=\"https:\/\/www.timevat.com\/en\/countries\/switzerland-export-vat\/\" \/>\n<meta property=\"og:site_name\" content=\"TIMEVAT\" \/>\n<meta property=\"article:modified_time\" content=\"2026-01-05T10:12:34+00:00\" \/>\n<meta property=\"og:image\" content=\"https:\/\/www.timevat.com\/wp-content\/uploads\/sch.jpg\" \/>\n\t<meta property=\"og:image:width\" content=\"870\" \/>\n\t<meta property=\"og:image:height\" content=\"570\" \/>\n\t<meta property=\"og:image:type\" content=\"image\/jpeg\" \/>\n<meta name=\"twitter:card\" content=\"summary_large_image\" \/>\n<meta name=\"twitter:label1\" content=\"Estimated reading time\" \/>\n\t<meta name=\"twitter:data1\" content=\"3 minutes\" \/>\n<script type=\"application\/ld+json\" class=\"yoast-schema-graph\">{\"@context\":\"https:\/\/schema.org\",\"@graph\":[{\"@type\":\"WebPage\",\"@id\":\"https:\/\/www.timevat.com\/lande\/moms-schweiz\/\",\"url\":\"https:\/\/www.timevat.com\/lande\/moms-schweiz\/\",\"name\":\"Moms Schweiz, undg\u00e5 problemer, bliv moms registreret, kontakt TIMEVAT\",\"isPartOf\":{\"@id\":\"https:\/\/www.timevat.com\/#website\"},\"primaryImageOfPage\":{\"@id\":\"https:\/\/www.timevat.com\/lande\/moms-schweiz\/#primaryimage\"},\"image\":{\"@id\":\"https:\/\/www.timevat.com\/lande\/moms-schweiz\/#primaryimage\"},\"thumbnailUrl\":\"https:\/\/www.timevat.com\/wp-content\/uploads\/sch.jpg\",\"datePublished\":\"2019-07-10T10:18:10+00:00\",\"dateModified\":\"2026-01-05T10:12:34+00:00\",\"description\":\"Moms Schweiz kr\u00e6ver registrering og rapportering af moms i Schweiz. Det g\u00e6lder al salg B2B og B2C. Krav om fiscal repr\u00e6sentation.\",\"breadcrumb\":{\"@id\":\"https:\/\/www.timevat.com\/lande\/moms-schweiz\/#breadcrumb\"},\"inLanguage\":\"en-GB\",\"potentialAction\":[{\"@type\":\"ReadAction\",\"target\":[\"https:\/\/www.timevat.com\/lande\/moms-schweiz\/\"]}]},{\"@type\":\"ImageObject\",\"inLanguage\":\"en-GB\",\"@id\":\"https:\/\/www.timevat.com\/lande\/moms-schweiz\/#primaryimage\",\"url\":\"https:\/\/www.timevat.com\/wp-content\/uploads\/sch.jpg\",\"contentUrl\":\"https:\/\/www.timevat.com\/wp-content\/uploads\/sch.jpg\",\"width\":870,\"height\":570},{\"@type\":\"BreadcrumbList\",\"@id\":\"https:\/\/www.timevat.com\/lande\/moms-schweiz\/#breadcrumb\",\"itemListElement\":[{\"@type\":\"ListItem\",\"position\":1,\"name\":\"Hjem\",\"item\":\"https:\/\/www.timevat.com\/\"},{\"@type\":\"ListItem\",\"position\":2,\"name\":\"Lande\",\"item\":\"https:\/\/www.timevat.com\/lande\/\"},{\"@type\":\"ListItem\",\"position\":3,\"name\":\"Moms i Schweiz\"}]},{\"@type\":\"WebSite\",\"@id\":\"https:\/\/www.timevat.com\/#website\",\"url\":\"https:\/\/www.timevat.com\/\",\"name\":\"TIMEVAT\",\"description\":\"\",\"publisher\":{\"@id\":\"https:\/\/www.timevat.com\/#organization\"},\"potentialAction\":[{\"@type\":\"SearchAction\",\"target\":{\"@type\":\"EntryPoint\",\"urlTemplate\":\"https:\/\/www.timevat.com\/?s={search_term_string}\"},\"query-input\":{\"@type\":\"PropertyValueSpecification\",\"valueRequired\":true,\"valueName\":\"search_term_string\"}}],\"inLanguage\":\"en-GB\"},{\"@type\":\"Organization\",\"@id\":\"https:\/\/www.timevat.com\/#organization\",\"name\":\"TIMEVAT A\/S\",\"url\":\"https:\/\/www.timevat.com\/\",\"logo\":{\"@type\":\"ImageObject\",\"inLanguage\":\"en-GB\",\"@id\":\"https:\/\/www.timevat.com\/#\/schema\/logo\/image\/\",\"url\":\"https:\/\/www.timevat.com\/wp-content\/uploads\/TimevatFINALfarveLILLE1.png\",\"contentUrl\":\"https:\/\/www.timevat.com\/wp-content\/uploads\/TimevatFINALfarveLILLE1.png\",\"width\":308,\"height\":60,\"caption\":\"TIMEVAT A\/S\"},\"image\":{\"@id\":\"https:\/\/www.timevat.com\/#\/schema\/logo\/image\/\"},\"sameAs\":[\"https:\/\/www.linkedin.com\/company\/timevat-a-s\/about\/\"]}]}<\/script>\n<!-- \/ Yoast SEO plugin. -->","yoast_head_json":{"title":"Switzerland export VAT, register and report correctly, contact TIMEVAT","description":"If you sell B2B, B2C in Switzerland, you must be registered and report Switzerland export VAT. Contact TIMEVAT for advise and assistance.","robots":{"index":"index","follow":"follow","max-snippet":"max-snippet:-1","max-image-preview":"max-image-preview:large","max-video-preview":"max-video-preview:-1"},"canonical":"https:\/\/www.timevat.com\/en\/countries\/switzerland-export-vat\/","og_locale":"en_GB","og_type":"article","og_title":"Moms Schweiz, undg\u00e5 problemer, bliv moms registreret, kontakt TIMEVAT","og_description":"Moms Schweiz kr\u00e6ver registrering og rapportering af moms i Schweiz. Det g\u00e6lder al salg B2B og B2C. Krav om fiscal repr\u00e6sentation.","og_url":"https:\/\/www.timevat.com\/en\/countries\/switzerland-export-vat\/","og_site_name":"TIMEVAT","article_modified_time":"2026-01-05T10:12:34+00:00","og_image":[{"width":870,"height":570,"url":"https:\/\/www.timevat.com\/wp-content\/uploads\/sch.jpg","type":"image\/jpeg"}],"twitter_card":"summary_large_image","twitter_misc":{"Estimated reading time":"3 minutes"},"schema":{"@context":"https:\/\/schema.org","@graph":[{"@type":"WebPage","@id":"https:\/\/www.timevat.com\/lande\/moms-schweiz\/","url":"https:\/\/www.timevat.com\/lande\/moms-schweiz\/","name":"Switzerland export VAT, register and report correctly, contact TIMEVAT","isPartOf":{"@id":"https:\/\/www.timevat.com\/#website"},"primaryImageOfPage":{"@id":"https:\/\/www.timevat.com\/lande\/moms-schweiz\/#primaryimage"},"image":{"@id":"https:\/\/www.timevat.com\/lande\/moms-schweiz\/#primaryimage"},"thumbnailUrl":"https:\/\/www.timevat.com\/wp-content\/uploads\/sch.jpg","datePublished":"2019-07-10T10:18:10+00:00","dateModified":"2026-01-05T10:12:34+00:00","description":"If you sell B2B, B2C in Switzerland, you must be registered and report Switzerland export VAT. Contact TIMEVAT for advise and assistance.","breadcrumb":{"@id":"https:\/\/www.timevat.com\/lande\/moms-schweiz\/#breadcrumb"},"inLanguage":"en-GB","potentialAction":[{"@type":"ReadAction","target":["https:\/\/www.timevat.com\/lande\/moms-schweiz\/"]}]},{"@type":"ImageObject","inLanguage":"en-GB","@id":"https:\/\/www.timevat.com\/lande\/moms-schweiz\/#primaryimage","url":"https:\/\/www.timevat.com\/wp-content\/uploads\/sch.jpg","contentUrl":"https:\/\/www.timevat.com\/wp-content\/uploads\/sch.jpg","width":870,"height":570},{"@type":"BreadcrumbList","@id":"https:\/\/www.timevat.com\/lande\/moms-schweiz\/#breadcrumb","itemListElement":[{"@type":"ListItem","position":1,"name":"Hjem","item":"https:\/\/www.timevat.com\/"},{"@type":"ListItem","position":2,"name":"Lande","item":"https:\/\/www.timevat.com\/lande\/"},{"@type":"ListItem","position":3,"name":"Moms i Schweiz"}]},{"@type":"WebSite","@id":"https:\/\/www.timevat.com\/#website","url":"https:\/\/www.timevat.com\/","name":"TIMEVAT","description":"","publisher":{"@id":"https:\/\/www.timevat.com\/#organization"},"potentialAction":[{"@type":"SearchAction","target":{"@type":"EntryPoint","urlTemplate":"https:\/\/www.timevat.com\/?s={search_term_string}"},"query-input":{"@type":"PropertyValueSpecification","valueRequired":true,"valueName":"search_term_string"}}],"inLanguage":"en-GB"},{"@type":"Organization","@id":"https:\/\/www.timevat.com\/#organization","name":"TIMEVAT A\/S","url":"https:\/\/www.timevat.com\/","logo":{"@type":"ImageObject","inLanguage":"en-GB","@id":"https:\/\/www.timevat.com\/#\/schema\/logo\/image\/","url":"https:\/\/www.timevat.com\/wp-content\/uploads\/TimevatFINALfarveLILLE1.png","contentUrl":"https:\/\/www.timevat.com\/wp-content\/uploads\/TimevatFINALfarveLILLE1.png","width":308,"height":60,"caption":"TIMEVAT A\/S"},"image":{"@id":"https:\/\/www.timevat.com\/#\/schema\/logo\/image\/"},"sameAs":["https:\/\/www.linkedin.com\/company\/timevat-a-s\/about\/"]}]}},"taxonomy_info":[],"featured_image_src_large":["https:\/\/www.timevat.com\/wp-content\/uploads\/sch.jpg",870,570,false],"author_info":{"display_name":"admin","author_link":"https:\/\/www.timevat.com\/en\/author\/admin\/"},"comment_info":0,"_links":{"self":[{"href":"https:\/\/www.timevat.com\/en\/wp-json\/wp\/v2\/pages\/609","targetHints":{"allow":["GET"]}}],"collection":[{"href":"https:\/\/www.timevat.com\/en\/wp-json\/wp\/v2\/pages"}],"about":[{"href":"https:\/\/www.timevat.com\/en\/wp-json\/wp\/v2\/types\/page"}],"author":[{"embeddable":true,"href":"https:\/\/www.timevat.com\/en\/wp-json\/wp\/v2\/users\/1"}],"replies":[{"embeddable":true,"href":"https:\/\/www.timevat.com\/en\/wp-json\/wp\/v2\/comments?post=609"}],"version-history":[{"count":25,"href":"https:\/\/www.timevat.com\/en\/wp-json\/wp\/v2\/pages\/609\/revisions"}],"predecessor-version":[{"id":5226,"href":"https:\/\/www.timevat.com\/en\/wp-json\/wp\/v2\/pages\/609\/revisions\/5226"}],"up":[{"embeddable":true,"href":"https:\/\/www.timevat.com\/en\/wp-json\/wp\/v2\/pages\/482"}],"wp:featuredmedia":[{"embeddable":true,"href":"https:\/\/www.timevat.com\/en\/wp-json\/wp\/v2\/media\/661"}],"wp:attachment":[{"href":"https:\/\/www.timevat.com\/en\/wp-json\/wp\/v2\/media?parent=609"}],"curies":[{"name":"wp","href":"https:\/\/api.w.org\/{rel}","templated":true}]}}